{"id":701,"date":"2019-04-03T16:44:15","date_gmt":"2019-04-03T14:44:15","guid":{"rendered":"https:\/\/radiomoulins.org\/site\/?page_id=701"},"modified":"2019-06-29T10:02:05","modified_gmt":"2019-06-29T08:02:05","slug":"mentions-legales","status":"publish","type":"page","link":"https:\/\/radiomoulins.org\/site\/mentions-legales\/","title":{"rendered":"Mentions l\u00e9gales"},"content":{"rendered":"<p>[vc_row full_width=&#8221;stretch_row&#8221;][vc_column css=&#8221;.vc_custom_1557922785210{margin-top: 3rem !important;}&#8221;][vc_column_text]<\/p>\n<p style=\"text-align: left; font-size: 3rem;\">Mentions L\u00e9gales<\/p>\n<p>[\/vc_column_text][vc_column_text]<\/p>\n<div id=\"legal-terms\">\n<p><strong>Propri\u00e9taire<\/strong> :<br \/>\nFanny Houssi\u00e8re<\/p>\n<p>Maison de Quartier Les Moulins<br \/>\n1 Rue Armand Carrel<br \/>\n59000 Lille<\/p>\n<p><strong>Responsable publication<\/strong> :<br \/>\nPauline Guiffard<br \/>\nradiomoulins[@]gmail.com<\/p>\n<p><strong>Webmaster<\/strong> :<br \/>\nMaison de Quartier Les Moulins<br \/>\nradiomoulins[@]gmail.com<\/p>\n<p><strong>H\u00e9bergeur<\/strong> :<br \/>\nCliss XXI<br \/>\n23 avenue Jean Jaur\u00e8s<br \/>\n62800 Li\u00e9vin<br \/>\n03 21 45 78 24<\/p>\n<p><strong>Conception graphique :<\/strong><br \/>\nC\u00e9cile Carpentier<\/p>\n<p>Le site constitue une \u0153uvre de l\u2019esprit prot\u00e9g\u00e9e par les dispositions du Code de la Propri\u00e9t\u00e9 Intellectuelle et des R\u00e9glementations Internationales applicables. Les utilisateurs ne peuvent en aucune mani\u00e8re r\u00e9utiliser, c\u00e9der ou exploiter pour leur propre compte tout ou partie des \u00e9l\u00e9ments ou travaux du site.<\/p>\n<p><a href=\"https:\/\/www.radiomoulins.org\">https:\/\/www.radiomoulins.org<\/a> est propri\u00e9taire des droits de propri\u00e9t\u00e9 intellectuelle et d\u00e9tient les droits d\u2019usage sur tous les \u00e9l\u00e9ments accessibles sur le site internet, notamment les textes, images, graphismes, logos, vid\u00e9os, ic\u00f4nes et sons. Toute reproduction, repr\u00e9sentation, modification, publication, adaptation de tout ou partie des \u00e9l\u00e9ments du site, quel que soit le moyen ou le proc\u00e9d\u00e9 utilis\u00e9, est interdite, sauf autorisation \u00e9crite pr\u00e9alable de : <a href=\"https:\/\/www.radiomoulins.org\">https:\/\/www.radiomoulins.org<\/a>.<\/p>\n<p>Toute exploitation non autoris\u00e9e du site ou de l\u2019un quelconque des \u00e9l\u00e9ments qu\u2019il contient sera consid\u00e9r\u00e9e comme constitutive d\u2019une contrefa\u00e7on et poursuivie conform\u00e9ment aux dispositions des articles L.335-2 et suivants du Code de Propri\u00e9t\u00e9 Intellectuelle.<\/p><\/div>\n<p>[\/vc_column_text][\/vc_column][\/vc_row]<\/p>\n","protected":false},"excerpt":{"rendered":"<p>[vc_row full_width=&#8221;stretch_row&#8221;][vc_column css=&#8221;.vc_custom_1557922785210{margin-top: 3rem !important;}&#8221;][vc_column_text] Mentions L\u00e9gales [\/vc_column_text][vc_column_text] Propri\u00e9taire : Fanny Houssi\u00e8re Maison de Quartier Les Moulins 1 Rue Armand Carrel 59000 Lille Responsable publication : Pauline Guiffard radiomoulins[@]gmail.com Webmaster : Maison de Quartier Les Moulins radiomoulins[@]gmail.com H\u00e9bergeur : Cliss XXI 23 avenue Jean Jaur\u00e8s 62800 Li\u00e9vin 03 21 45 78 24 Conception graphique : [&hellip;]<\/p>\n","protected":false},"author":1,"featured_media":0,"parent":0,"menu_order":0,"comment_status":"closed","ping_status":"closed","template":"template-empty-page.php","meta":{"footnotes":""},"class_list":["post-701","page","type-page","status-publish","hentry"],"yoast_head":"<!-- This site is optimized with the Yoast SEO plugin v28.1 - https:\/\/yoast.com\/product\/yoast-seo-wordpress\/ -->\n<title>Mentions l\u00e9gales &#8226; Radio Moulins<\/title>\n<meta name=\"robots\" content=\"index, follow, max-snippet:-1, max-image-preview:large, max-video-preview:-1\" \/>\n<link rel=\"canonical\" href=\"https:\/\/radiomoulins.org\/site\/mentions-legales\/\" \/>\n<meta property=\"og:locale\" content=\"fr_FR\" \/>\n<meta property=\"og:type\" content=\"article\" \/>\n<meta property=\"og:title\" content=\"Mentions l\u00e9gales &#8226; Radio Moulins\" \/>\n<meta property=\"og:description\" content=\"[vc_row full_width=&#8221;stretch_row&#8221;][vc_column css=&#8221;.vc_custom_1557922785210{margin-top: 3rem !important;}&#8221;][vc_column_text] Mentions L\u00e9gales [\/vc_column_text][vc_column_text] Propri\u00e9taire : Fanny Houssi\u00e8re Maison de Quartier Les Moulins 1 Rue Armand Carrel 59000 Lille Responsable publication : Pauline Guiffard radiomoulins[@]gmail.com Webmaster : Maison de Quartier Les Moulins radiomoulins[@]gmail.com H\u00e9bergeur : Cliss XXI 23 avenue Jean Jaur\u00e8s 62800 Li\u00e9vin 03 21 45 78 24 Conception graphique : [&hellip;]\" \/>\n<meta property=\"og:url\" content=\"https:\/\/radiomoulins.org\/site\/mentions-legales\/\" \/>\n<meta property=\"og:site_name\" content=\"Radio Moulins\" \/>\n<meta property=\"article:modified_time\" content=\"2019-06-29T08:02:05+00:00\" \/>\n<meta name=\"twitter:card\" content=\"summary_large_image\" \/>\n<meta name=\"twitter:label1\" content=\"Dur\u00e9e de lecture estim\u00e9e\" \/>\n\t<meta name=\"twitter:data1\" content=\"1 minute\" \/>\n<script type=\"application\/ld+json\" class=\"yoast-schema-graph\">{\"@context\":\"https:\\\/\\\/schema.org\",\"@graph\":[{\"@type\":\"WebPage\",\"@id\":\"https:\\\/\\\/radiomoulins.org\\\/site\\\/mentions-legales\\\/\",\"url\":\"https:\\\/\\\/radiomoulins.org\\\/site\\\/mentions-legales\\\/\",\"name\":\"Mentions l\u00e9gales &#8226; Radio Moulins\",\"isPartOf\":{\"@id\":\"https:\\\/\\\/radiomoulins.org\\\/site\\\/#website\"},\"datePublished\":\"2019-04-03T14:44:15+00:00\",\"dateModified\":\"2019-06-29T08:02:05+00:00\",\"breadcrumb\":{\"@id\":\"https:\\\/\\\/radiomoulins.org\\\/site\\\/mentions-legales\\\/#breadcrumb\"},\"inLanguage\":\"fr-FR\",\"potentialAction\":[{\"@type\":\"ReadAction\",\"target\":[\"https:\\\/\\\/radiomoulins.org\\\/site\\\/mentions-legales\\\/\"]}]},{\"@type\":\"BreadcrumbList\",\"@id\":\"https:\\\/\\\/radiomoulins.org\\\/site\\\/mentions-legales\\\/#breadcrumb\",\"itemListElement\":[{\"@type\":\"ListItem\",\"position\":1,\"name\":\"Accueil\",\"item\":\"https:\\\/\\\/radiomoulins.org\\\/site\\\/\"},{\"@type\":\"ListItem\",\"position\":2,\"name\":\"Mentions l\u00e9gales\"}]},{\"@type\":\"WebSite\",\"@id\":\"https:\\\/\\\/radiomoulins.org\\\/site\\\/#website\",\"url\":\"https:\\\/\\\/radiomoulins.org\\\/site\\\/\",\"name\":\"Radio Moulins\",\"description\":\"\",\"publisher\":{\"@id\":\"https:\\\/\\\/radiomoulins.org\\\/site\\\/#organization\"},\"potentialAction\":[{\"@type\":\"SearchAction\",\"target\":{\"@type\":\"EntryPoint\",\"urlTemplate\":\"https:\\\/\\\/radiomoulins.org\\\/site\\\/?s={search_term_string}\"},\"query-input\":{\"@type\":\"PropertyValueSpecification\",\"valueRequired\":true,\"valueName\":\"search_term_string\"}}],\"inLanguage\":\"fr-FR\"},{\"@type\":\"Organization\",\"@id\":\"https:\\\/\\\/radiomoulins.org\\\/site\\\/#organization\",\"name\":\"Radio Moulins\",\"url\":\"https:\\\/\\\/radiomoulins.org\\\/site\\\/\",\"logo\":{\"@type\":\"ImageObject\",\"inLanguage\":\"fr-FR\",\"@id\":\"https:\\\/\\\/radiomoulins.org\\\/site\\\/#\\\/schema\\\/logo\\\/image\\\/\",\"url\":\"\",\"contentUrl\":\"\",\"caption\":\"Radio Moulins\"},\"image\":{\"@id\":\"https:\\\/\\\/radiomoulins.org\\\/site\\\/#\\\/schema\\\/logo\\\/image\\\/\"}}]}<\/script>\n<!-- \/ Yoast SEO plugin. -->","yoast_head_json":{"title":"Mentions l\u00e9gales &#8226; Radio Moulins","robots":{"index":"index","follow":"follow","max-snippet":"max-snippet:-1","max-image-preview":"max-image-preview:large","max-video-preview":"max-video-preview:-1"},"canonical":"https:\/\/radiomoulins.org\/site\/mentions-legales\/","og_locale":"fr_FR","og_type":"article","og_title":"Mentions l\u00e9gales &#8226; Radio Moulins","og_description":"[vc_row full_width=&#8221;stretch_row&#8221;][vc_column css=&#8221;.vc_custom_1557922785210{margin-top: 3rem !important;}&#8221;][vc_column_text] Mentions L\u00e9gales [\/vc_column_text][vc_column_text] Propri\u00e9taire : Fanny Houssi\u00e8re Maison de Quartier Les Moulins 1 Rue Armand Carrel 59000 Lille Responsable publication : Pauline Guiffard radiomoulins[@]gmail.com Webmaster : Maison de Quartier Les Moulins radiomoulins[@]gmail.com H\u00e9bergeur : Cliss XXI 23 avenue Jean Jaur\u00e8s 62800 Li\u00e9vin 03 21 45 78 24 Conception graphique : [&hellip;]","og_url":"https:\/\/radiomoulins.org\/site\/mentions-legales\/","og_site_name":"Radio Moulins","article_modified_time":"2019-06-29T08:02:05+00:00","twitter_card":"summary_large_image","twitter_misc":{"Dur\u00e9e de lecture estim\u00e9e":"1 minute"},"schema":{"@context":"https:\/\/schema.org","@graph":[{"@type":"WebPage","@id":"https:\/\/radiomoulins.org\/site\/mentions-legales\/","url":"https:\/\/radiomoulins.org\/site\/mentions-legales\/","name":"Mentions l\u00e9gales &#8226; Radio Moulins","isPartOf":{"@id":"https:\/\/radiomoulins.org\/site\/#website"},"datePublished":"2019-04-03T14:44:15+00:00","dateModified":"2019-06-29T08:02:05+00:00","breadcrumb":{"@id":"https:\/\/radiomoulins.org\/site\/mentions-legales\/#breadcrumb"},"inLanguage":"fr-FR","potentialAction":[{"@type":"ReadAction","target":["https:\/\/radiomoulins.org\/site\/mentions-legales\/"]}]},{"@type":"BreadcrumbList","@id":"https:\/\/radiomoulins.org\/site\/mentions-legales\/#breadcrumb","itemListElement":[{"@type":"ListItem","position":1,"name":"Accueil","item":"https:\/\/radiomoulins.org\/site\/"},{"@type":"ListItem","position":2,"name":"Mentions l\u00e9gales"}]},{"@type":"WebSite","@id":"https:\/\/radiomoulins.org\/site\/#website","url":"https:\/\/radiomoulins.org\/site\/","name":"Radio Moulins","description":"","publisher":{"@id":"https:\/\/radiomoulins.org\/site\/#organization"},"potentialAction":[{"@type":"SearchAction","target":{"@type":"EntryPoint","urlTemplate":"https:\/\/radiomoulins.org\/site\/?s={search_term_string}"},"query-input":{"@type":"PropertyValueSpecification","valueRequired":true,"valueName":"search_term_string"}}],"inLanguage":"fr-FR"},{"@type":"Organization","@id":"https:\/\/radiomoulins.org\/site\/#organization","name":"Radio Moulins","url":"https:\/\/radiomoulins.org\/site\/","logo":{"@type":"ImageObject","inLanguage":"fr-FR","@id":"https:\/\/radiomoulins.org\/site\/#\/schema\/logo\/image\/","url":"","contentUrl":"","caption":"Radio Moulins"},"image":{"@id":"https:\/\/radiomoulins.org\/site\/#\/schema\/logo\/image\/"}}]}},"_links":{"self":[{"href":"https:\/\/radiomoulins.org\/site\/wp-json\/wp\/v2\/pages\/701","targetHints":{"allow":["GET"]}}],"collection":[{"href":"https:\/\/radiomoulins.org\/site\/wp-json\/wp\/v2\/pages"}],"about":[{"href":"https:\/\/radiomoulins.org\/site\/wp-json\/wp\/v2\/types\/page"}],"author":[{"embeddable":true,"href":"https:\/\/radiomoulins.org\/site\/wp-json\/wp\/v2\/users\/1"}],"replies":[{"embeddable":true,"href":"https:\/\/radiomoulins.org\/site\/wp-json\/wp\/v2\/comments?post=701"}],"version-history":[{"count":0,"href":"https:\/\/radiomoulins.org\/site\/wp-json\/wp\/v2\/pages\/701\/revisions"}],"wp:attachment":[{"href":"https:\/\/radiomoulins.org\/site\/wp-json\/wp\/v2\/media?parent=701"}],"curies":[{"name":"wp","href":"https:\/\/api.w.org\/{rel}","templated":true}]}}