{"id":1245,"date":"2019-06-20T16:16:14","date_gmt":"2019-06-20T14:16:14","guid":{"rendered":"http:\/\/radiomoulins.org\/site\/?page_id=1245"},"modified":"2022-12-20T15:33:23","modified_gmt":"2022-12-20T14:33:23","slug":"transmission","status":"publish","type":"page","link":"https:\/\/radiomoulins.org\/site\/transmission\/","title":{"rendered":"Transmission"},"content":{"rendered":"<p>[vc_row full_width=&#8221;stretch_row&#8221;][vc_column width=&#8221;1\/4&#8243;][vc_row_inner][vc_column_inner][vc_column_text css=&#8221;.vc_custom_1561718095059{margin-bottom: 0px !important;padding-bottom: 0px !important;}&#8221;]<\/p>\n<h2>Transmission<\/h2>\n<p>[\/vc_column_text][vc_column_text]Une organisation cr\u00e9ative et participative en place pour r\u00e9aliser vos contenus : l\u2019\u00e9quipe de <strong>Radio Moulins<\/strong> fait le lien entre vous et vos besoins. Prise de son, r\u00e9daction, montage, animation,r\u00e9gie&#8230;<\/p>\n<p><strong>La compl\u00e9mentarit\u00e9 est de mise.<\/strong>[\/vc_column_text][\/vc_column_inner][\/vc_row_inner][\/vc_column][vc_column width=&#8221;1\/2&#8243; css=&#8221;.vc_custom_1561718617209{margin-top: 3rem !important;margin-bottom: 0px !important;padding-bottom: 0px !important;}&#8221;][vc_row_inner][vc_column_inner][vc_single_image image=&#8221;1413&#8243; img_size=&#8221;full&#8221; alignment=&#8221;center&#8221;][\/vc_column_inner][\/vc_row_inner][\/vc_column][vc_column width=&#8221;1\/4&#8243; css=&#8221;.vc_custom_1561718623457{margin-top: 3rem !important;}&#8221;][vc_row_inner][vc_column_inner css=&#8221;.vc_custom_1561718838382{padding-right: 3rem !important;padding-left: 3rem !important;background-color: #f7f7f7 !important;border-radius: 15px !important;}&#8221;][vc_column_text]Vous avez des savoirs, des savoir-faire, des envies d\u2019apprendre.<\/p>\n<p><strong>D\u2019un.e radioteur.e \u00e0 l\u2019autre, des savoirs sont \u00e0 transmettre. <\/strong><strong>Des pistes de missions b\u00e9n\u00e9voles pour vous investir :<\/strong><\/p>\n<div class=\"vc_row wpb_row vc_inner vc_row-fluid\">\n<div class=\"wpb_column vc_column_container vc_col-sm-12 vc_col-has-fill\">\n<div class=\"vc_column-inner vc_custom_1561547578444\">\n<div class=\"wpb_wrapper\">\n<div class=\"wpb_text_column wpb_content_element \">\n<div class=\"wpb_wrapper\">\n<p><strong>+<\/strong> Animation<br \/>\n<strong>+<\/strong> Journalisme<br \/>\n<strong>+<\/strong> Actualit\u00e9 culturelle<br \/>\n<strong>+<\/strong> Reportage<br \/>\n<strong>+<\/strong> Musique<br \/>\n<strong>+<\/strong> Cr\u00e9ation sonore<\/p>\n<\/div>\n<\/div>\n<div class=\"wpb_text_column wpb_content_element \">\n<div class=\"wpb_wrapper\">\n<p><strong>+<\/strong> R\u00e9gie<br \/>\n<strong>+<\/strong> Communication<br \/>\n<strong>+<\/strong> Formation\/atelier<br \/>\n<strong>+<\/strong> Soutien<\/p>\n<\/div>\n<\/div>\n<\/div>\n<\/div>\n<\/div>\n<\/div>\n<p>[\/vc_column_text][\/vc_column_inner][\/vc_row_inner][\/vc_column][\/vc_row][vc_row full_width=&#8221;stretch_row&#8221;][vc_column width=&#8221;1\/4&#8243; css=&#8221;.vc_custom_1561721449150{margin-top: 3rem !important;}&#8221;][vc_row_inner][vc_column_inner][vc_column_text]<\/p>\n<p style=\"color: #40c39d; font-size: 2rem; line-height: 3rem; font-weight: normal; text-align: left;\">Retrouvez les premi\u00e8res \u00e9missions des habitant.e.s du stage Concevoir et animer une \u00e9mission sur chaque \u00e9v\u00e9nements de Radio Moulins, suivez-les!<\/p>\n<p>[\/vc_column_text][\/vc_column_inner][\/vc_row_inner][\/vc_column][vc_column width=&#8221;1\/2&#8243; css=&#8221;.vc_custom_1561718880820{margin-bottom: 0px !important;padding-bottom: 0px !important;}&#8221;][vc_row_inner css=&#8221;.vc_custom_1561718296252{margin-bottom: 0px !important;padding-bottom: 0px !important;}&#8221;][vc_column_inner css=&#8221;.vc_custom_1561718282720{margin-bottom: 0px !important;padding-bottom: 0px !important;}&#8221;][vc_column_text]<\/p>\n<h3 style=\"text-align: left; font-size: 2.5rem; padding-bottom: 0;\">Concevoir et animer une \u00e9mission<\/h3>\n<p>[\/vc_column_text][\/vc_column_inner][\/vc_row_inner][vc_row_inner][vc_column_inner width=&#8221;1\/2&#8243;][vc_column_text]Habitant.e.s de Moulins, partenaires et associations, venez vous former sur 8 s\u00e9ances, \u00e0 raison d&#8217;1h30 tous les jeudis, <strong>\u00e0 \u00e9crire et lire un papier, \u00e0 construire un conducteur,<\/strong> c&#8217;est-\u00e0-dire \u00e0 <strong>assembler une \u00e9mission<\/strong> et a donner des conseils pour r\u00e9aliser des interviews, reportages ainsi que sur la cr\u00e9ation de jingles.<\/p>\n<p><span class=\"d2edcug0 hpfvmrgz qv66sw1b c1et5uql gk29lw5a a8c37x1j keod5gw0 nxhoafnm aigsh9s9 d9wwppkn fe6kdd0r mau55g9w c8b282yb hrzyx87i jq4qci2q a3bd9o3v knj5qynh oo9gr5id\" dir=\"auto\">Prochaine session du 18\/05 au 29\/06 de 17h30 \u00e0 19h au studio, i<\/span>nscriptions <a href=\"https:\/\/radiomoulins.org\/site\/contact\/\">ici<\/a><\/p>\n<p>Restitution sur <a href=\"https:\/\/radiomoulins.org\/site\/radio-show\/la-preums\/\">l&#8217;anniversaire de Radio Moulins<\/a> le 1er juillet 2023 en direct de la Place Fernig[\/vc_column_text][\/vc_column_inner][vc_column_inner width=&#8221;1\/2&#8243;][vc_column_text]Nous avons voyag\u00e9 dans le quartier, nous avons \u00e9t\u00e9 \u00e0 la salle Courmont, \u00e0 la Maison Folie Moulins, au cin\u00e9ma L&#8217;Univers, \u00e0 l&#8217;Auberge de jeunesse St\u00e9phane Hessel et au Flow. Merci \u00e0 tou.te.s pour votre accueil et bienvenue au studio de la Maison de quartier les moulins![\/vc_column_text][\/vc_column_inner][\/vc_row_inner][\/vc_column][vc_column width=&#8221;1\/4&#8243; css=&#8221;.vc_custom_1561721536734{margin-top: 3rem !important;}&#8221;][vc_row_inner][vc_column_inner][vc_column_text]<\/p>\n<div class=\"wp-playlist wp-audio-playlist wp-playlist-light\">\n\t\t\t<div class=\"wp-playlist-current-item\"><\/div>\n\t\t<audio controls=\"controls\" preload=\"none\" width=\"1978\"\n\t\t\t><\/audio>\n\t<div class=\"wp-playlist-next\"><\/div>\n\t<div class=\"wp-playlist-prev\"><\/div>\n\t<noscript>\n\t<ol>\n\t\t<li><a href='https:\/\/radiomoulins.org\/site\/wp-content\/uploads\/2022\/12\/20221214Bistanclaques.mp3'>BISTANCLAQUE ou le Nord comme capitale du lien<\/a><\/li><li><a href='https:\/\/radiomoulins.org\/site\/wp-content\/uploads\/2022\/07\/NOUS_.mp3'>\"NOUS\"<\/a><\/li><li><a href='https:\/\/radiomoulins.org\/site\/wp-content\/uploads\/2021\/08\/2-troize-casse-tete.mp3'>Casse t\u00eate \/ GEM La Belle Journ\u00e9e<\/a><\/li><li><a href='https:\/\/radiomoulins.org\/site\/wp-content\/uploads\/2021\/08\/5-troize-machine-infernale.mp3'>Machine infernale<\/a><\/li><li><a href='https:\/\/radiomoulins.org\/site\/wp-content\/uploads\/2021\/03\/16-couvre-feu.mp3'>16 couvre feu<\/a><\/li><li><a href='https:\/\/radiomoulins.org\/site\/wp-content\/uploads\/2019\/06\/KOMPOST0_070319.mp3'>KOMPOST<\/a><\/li>\t<\/ol>\n\t<\/noscript>\n\t<script type=\"application\/json\" class=\"wp-playlist-script\">{\"type\":\"audio\",\"tracklist\":true,\"tracknumbers\":true,\"images\":false,\"artists\":true,\"tracks\":[{\"src\":\"https:\/\/radiomoulins.org\/site\/wp-content\/uploads\/2022\/12\/20221214Bistanclaques.mp3\",\"type\":\"audio\/mpeg\",\"title\":\"BISTANCLAQUE ou le Nord comme capitale du lien\",\"caption\":\"\",\"description\":\"\\u003Ci\\u003E20221214Bistanclaques\\u003C\/i\\u003E.\",\"meta\":{\"length_formatted\":\"1:21:07\"},\"image\":{\"src\":\"https:\/\/radiomoulins.org\/site\/wp-includes\/images\/media\/audio.svg\",\"width\":48,\"height\":64},\"thumb\":{\"src\":\"https:\/\/radiomoulins.org\/site\/wp-includes\/images\/media\/audio.svg\",\"width\":48,\"height\":64}},{\"src\":\"https:\/\/radiomoulins.org\/site\/wp-content\/uploads\/2022\/07\/NOUS_.mp3\",\"type\":\"audio\/mpeg\",\"title\":\"\\\"NOUS\\\"\",\"caption\":\"\",\"description\":\"\\u003Ci\\u003E_NOUS_\\u003C\/i\\u003E.\",\"meta\":{\"length_formatted\":\"53:22\"},\"image\":{\"src\":\"https:\/\/radiomoulins.org\/site\/wp-content\/uploads\/2022\/07\/affiche-QUATS-OK.jpg\",\"width\":1448,\"height\":2048},\"thumb\":{\"src\":\"https:\/\/radiomoulins.org\/site\/wp-content\/uploads\/2022\/07\/affiche-QUATS-OK-150x150.jpg\",\"width\":150,\"height\":150}},{\"src\":\"https:\/\/radiomoulins.org\/site\/wp-content\/uploads\/2021\/08\/2-troize-casse-tete.mp3\",\"type\":\"audio\/mpeg\",\"title\":\"Casse t\\u00eate \/ GEM La Belle Journ\\u00e9e\",\"caption\":\"\",\"description\":\"\\u003Ci\\u003E2 - troize - casse t\\u00eate\\u003C\/i\\u003E.\",\"meta\":{\"length_formatted\":\"22:43\"},\"image\":{\"src\":\"https:\/\/radiomoulins.org\/site\/wp-content\/uploads\/2021\/06\/TROIZElight-scaled.jpg\",\"width\":2048,\"height\":1448},\"thumb\":{\"src\":\"https:\/\/radiomoulins.org\/site\/wp-content\/uploads\/2021\/06\/TROIZElight-150x150.jpg\",\"width\":150,\"height\":150}},{\"src\":\"https:\/\/radiomoulins.org\/site\/wp-content\/uploads\/2021\/08\/5-troize-machine-infernale.mp3\",\"type\":\"audio\/mpeg\",\"title\":\"Machine infernale\",\"caption\":\"\",\"description\":\"\\u003Ci\\u003E5 - troize - machine infernale\\u003C\/i\\u003E.\",\"meta\":{\"length_formatted\":\"29:19\"},\"image\":{\"src\":\"https:\/\/radiomoulins.org\/site\/wp-content\/uploads\/2021\/06\/TROIZElight-scaled.jpg\",\"width\":2048,\"height\":1448},\"thumb\":{\"src\":\"https:\/\/radiomoulins.org\/site\/wp-content\/uploads\/2021\/06\/TROIZElight-150x150.jpg\",\"width\":150,\"height\":150}},{\"src\":\"https:\/\/radiomoulins.org\/site\/wp-content\/uploads\/2021\/03\/16-couvre-feu.mp3\",\"type\":\"audio\/mpeg\",\"title\":\"16 couvre feu\",\"caption\":\"\",\"description\":\"\\u003Ci\\u003E16 couvre feu\\u003C\/i\\u003E.\",\"meta\":{\"length_formatted\":\"27:21\"},\"image\":{\"src\":\"https:\/\/radiomoulins.org\/site\/wp-content\/uploads\/2021\/02\/INAUGURATIONlocalmultimedia.png\",\"width\":1120,\"height\":1585},\"thumb\":{\"src\":\"https:\/\/radiomoulins.org\/site\/wp-content\/uploads\/2021\/02\/INAUGURATIONlocalmultimedia-150x150.png\",\"width\":150,\"height\":150}},{\"src\":\"https:\/\/radiomoulins.org\/site\/wp-content\/uploads\/2019\/06\/KOMPOST0_070319.mp3\",\"type\":\"audio\/mpeg\",\"title\":\"KOMPOST\",\"caption\":\"\",\"description\":\"\\u003Ci\\u003EKOMPOST0_070319\\u003C\/i\\u003E.\",\"meta\":{\"length_formatted\":\"15:16\"},\"image\":{\"src\":\"https:\/\/radiomoulins.org\/site\/wp-includes\/images\/media\/audio.svg\",\"width\":48,\"height\":64},\"thumb\":{\"src\":\"https:\/\/radiomoulins.org\/site\/wp-includes\/images\/media\/audio.svg\",\"width\":48,\"height\":64}}]}<\/script>\n<\/div>\n\t\n<p>[\/vc_column_text][\/vc_column_inner][\/vc_row_inner][\/vc_column][\/vc_row][vc_row full_width=&#8221;stretch_row&#8221;][vc_column width=&#8221;1\/4&#8243;][vc_row_inner][vc_column_inner][\/vc_column_inner][\/vc_row_inner][\/vc_column][vc_column width=&#8221;1\/2&#8243; css=&#8221;.vc_custom_1561718880820{margin-bottom: 0px !important;padding-bottom: 0px !important;}&#8221;][vc_row_inner][vc_column_inner][vc_column_text]<\/p>\n<h3 style=\"text-align: left; font-size: 2.5rem; padding-bottom: 0;\">Prise de son \/ Banque de sons libres du quartier<\/h3>\n<p>[\/vc_column_text][\/vc_column_inner][\/vc_row_inner][vc_row_inner][vc_column_inner width=&#8221;1\/2&#8243;][vc_column_text]Initiations r\u00e9guli\u00e8res \u00e0 la <strong>prise de son de voix, d&#8217;ambiances et de bruitages hors studio<\/strong> en demi-journ\u00e9es ouvertes aux habitant.e.s, partenaires et associations de Moulins. Les sons collect\u00e9s viennent alimenter <strong><a href=\"https:\/\/bibliotheque.radiomoulins.org\/\" target=\"_blank\" rel=\"noopener\">la banque de sons libre du quartier<\/a>.<\/strong>[\/vc_column_text][\/vc_column_inner][vc_column_inner width=&#8221;1\/2&#8243;][vc_column_text]La formation se d\u00e9roulera en d\u00e9ambulation dans le quartier.<\/p>\n<p><span class=\"d2edcug0 hpfvmrgz qv66sw1b c1et5uql gk29lw5a a8c37x1j keod5gw0 nxhoafnm aigsh9s9 d9wwppkn fe6kdd0r mau55g9w c8b282yb hrzyx87i jq4qci2q a3bd9o3v knj5qynh oo9gr5id\" dir=\"auto\">Prochaine session le 16 mars 2023, inscriptions <a href=\"https:\/\/radiomoulins.org\/site\/contact\/\">ici.<\/a><\/span>[\/vc_column_text][\/vc_column_inner][\/vc_row_inner][\/vc_column][vc_column width=&#8221;1\/4&#8243; css=&#8221;.vc_custom_1561721544041{margin-top: 3rem !important;}&#8221;][vc_row_inner][vc_column_inner][vc_single_image image=&#8221;2896&#8243; onclick=&#8221;custom_link&#8221; img_link_target=&#8221;_blank&#8221; link=&#8221;https:\/\/bibliotheque.radiomoulins.org\/&#8221;][\/vc_column_inner][\/vc_row_inner][\/vc_column][\/vc_row][vc_row full_width=&#8221;stretch_row&#8221;][vc_column width=&#8221;1\/4&#8243;][vc_row_inner][vc_column_inner][\/vc_column_inner][\/vc_row_inner][\/vc_column][vc_column width=&#8221;1\/2&#8243; css=&#8221;.vc_custom_1561718880820{margin-bottom: 0px !important;padding-bottom: 0px !important;}&#8221;][vc_column_text]<\/p>\n<h3 style=\"text-align: left; font-size: 2.5rem; padding-bottom: 0;\">Atelier jingle \/ COLO RADIO<\/h3>\n<p>[\/vc_column_text][vc_row_inner][vc_column_inner width=&#8221;1\/2&#8243;][vc_column_text]Ateliers de cr\u00e9ation de jingle et cr\u00e9ations sonores collectives. Vous cr\u00e9ez en petits de courts formats radio (jingle, sayn\u00e8tes, virgule sonore, etc) de l&#8217;\u00e9criture \u00e0 la prise de son, du montage \u00e0 l&#8217;habillage sonore.<\/p>\n<p>Prochaine session les 11 et 12 mai 2023, <span class=\"d2edcug0 hpfvmrgz qv66sw1b c1et5uql gk29lw5a a8c37x1j keod5gw0 nxhoafnm aigsh9s9 d9wwppkn fe6kdd0r mau55g9w c8b282yb hrzyx87i jq4qci2q a3bd9o3v knj5qynh oo9gr5id\" dir=\"auto\">inscriptions <a href=\"https:\/\/radiomoulins.org\/site\/contact\/\">ici.<\/a><\/span>[\/vc_column_text][\/vc_column_inner][vc_column_inner width=&#8221;1\/2&#8243;][vc_column_text]Le stage se d\u00e9roulera au studio de la Maison de quartier les moulins avec une formation \u00e0 l&#8217;utilisation du box de montage.[\/vc_column_text][\/vc_column_inner][\/vc_row_inner][vc_column_text]<\/p>\n<h3 style=\"text-align: left; font-size: 2.5rem; padding-bottom: 0;\">Montage son<\/h3>\n<p>[\/vc_column_text][vc_row_inner][vc_column_inner width=&#8221;1\/2&#8243;][vc_column_text]Initiations au montage son radiophonique sur Reaper \u00e0 partir de projets d&#8217;habitant.e.s.<\/p>\n<p>Prochaine session les 13 et 14 avril 2023, <span class=\"d2edcug0 hpfvmrgz qv66sw1b c1et5uql gk29lw5a a8c37x1j keod5gw0 nxhoafnm aigsh9s9 d9wwppkn fe6kdd0r mau55g9w c8b282yb hrzyx87i jq4qci2q a3bd9o3v knj5qynh oo9gr5id\" dir=\"auto\">inscriptions <a href=\"https:\/\/radiomoulins.org\/site\/contact\/\">ici.<\/a><\/span>[\/vc_column_text][\/vc_column_inner][vc_column_inner width=&#8221;1\/2&#8243;][vc_column_text]Le stage se d\u00e9roulera au studio de la Maison de quartier les moulins avec une formation \u00e0 l&#8217;utilisation du box de montage.[\/vc_column_text][\/vc_column_inner][\/vc_row_inner][vc_row_inner][vc_column_inner][vc_column_text]<\/p>\n<h3 style=\"text-align: left; font-size: 2.5rem; padding-bottom: 0;\">Animer un atelier radio participatif<\/h3>\n<p>[\/vc_column_text][\/vc_column_inner][\/vc_row_inner][vc_row_inner][vc_column_inner width=&#8221;1\/2&#8243;][vc_column_text]<strong>Permettre l\u2019utilisation du m\u00e9dia radio comme support de m\u00e9diation \u00e9ducative<\/strong><\/p>\n<p>L&#8217;association <a href=\"http:\/\/www.oaqadi.fr\/\" target=\"_blank\" rel=\"noopener noreferrer\">Oaqadi<\/a> (Montpellier) a form\u00e9 des professionnel.le.s de la Maison de Quartier. Un stage mixant la r\u00e9alisation d\u2019une \u00e9mission de radio, la d\u00e9couverte du direct radiophonique ainsi que des temps d\u2019\u00e9changes professionnels sur la m\u00e9diation \u00e9ducative, ses objectifs, ses contraintes et ses limites.[\/vc_column_text][\/vc_column_inner][vc_column_inner width=&#8221;1\/2&#8243;][vc_column_text]Cette formation comprends deux volets :<\/p>\n<p><strong>Une partie th\u00e9orique :<\/strong> pr\u00e9sentation des diff\u00e9rents types de radios et formats radiophoniques, sensibilisation \u00e0 l&#8217;\u00e9coute.<\/p>\n<p><strong>Une partie pratique :<\/strong> ateliers d&#8217;\u00e9criture, initiation \u00e0 la prise de son, mise en situation (micro-trottoir, interviews, r\u00e9alisation de mini-fiction) et post-production.[\/vc_column_text][\/vc_column_inner][\/vc_row_inner][\/vc_column][vc_column width=&#8221;1\/4&#8243; css=&#8221;.vc_custom_1561721571974{margin-top: 3rem !important;}&#8221;][vc_row_inner][vc_column_inner][vc_column_text]<\/p>\n<div class=\"wp-playlist wp-audio-playlist wp-playlist-light\">\n\t\t\t<div class=\"wp-playlist-current-item\"><\/div>\n\t\t<audio controls=\"controls\" preload=\"none\" width=\"1978\"\n\t\t\t><\/audio>\n\t<div class=\"wp-playlist-next\"><\/div>\n\t<div class=\"wp-playlist-prev\"><\/div>\n\t<noscript>\n\t<ol>\n\t\t<li><a href='https:\/\/radiomoulins.org\/site\/wp-content\/uploads\/2022\/12\/jingle-radio-moulins-celia-2.0.mp3'>jingle radio moulins c\u00e9lia 2.0<\/a><\/li><li><a href='https:\/\/radiomoulins.org\/site\/wp-content\/uploads\/2022\/12\/jingle-radio-moulins-celia-le-micro.mp3'>jingle radio moulins c\u00e9lia le micro<\/a><\/li><li><a href='https:\/\/radiomoulins.org\/site\/wp-content\/uploads\/2022\/12\/jingle-installez-vous-V1.wav'>jingle installez vous<\/a><\/li><li><a href='https:\/\/radiomoulins.org\/site\/wp-content\/uploads\/2022\/12\/jingle-radio-moulins-sila-repondeur.mp3'>jingle radio moulins sila r\u00e9pondeur<\/a><\/li><li><a href='https:\/\/radiomoulins.org\/site\/wp-content\/uploads\/2022\/12\/jingle-radio-moulins-pierre-an-3.mp3'>jingle radio moulins pierre-an 3<\/a><\/li><li><a href='https:\/\/radiomoulins.org\/site\/wp-content\/uploads\/2022\/12\/202210-coloradio-clara-thibault.mp3'>COLO RADIO Clara Thibault<\/a><\/li><li><a href='https:\/\/radiomoulins.org\/site\/wp-content\/uploads\/2022\/12\/202210-coloradio-soundous-lucas-rouge.mp3'>COLO RADIO Soundous Lucas rouge<\/a><\/li>\t<\/ol>\n\t<\/noscript>\n\t<script type=\"application\/json\" class=\"wp-playlist-script\">{\"type\":\"audio\",\"tracklist\":true,\"tracknumbers\":true,\"images\":false,\"artists\":true,\"tracks\":[{\"src\":\"https:\/\/radiomoulins.org\/site\/wp-content\/uploads\/2022\/12\/jingle-radio-moulins-celia-2.0.mp3\",\"type\":\"audio\/mpeg\",\"title\":\"jingle radio moulins c\\u00e9lia 2.0\",\"caption\":\"\",\"description\":\"\\u003Ci\\u003Ejingle radio moulins c\\u00e9lia 2.0\\u003C\/i\\u003E.\",\"meta\":{\"length_formatted\":\"0:07\"},\"image\":{\"src\":\"https:\/\/radiomoulins.org\/site\/wp-includes\/images\/media\/audio.svg\",\"width\":48,\"height\":64},\"thumb\":{\"src\":\"https:\/\/radiomoulins.org\/site\/wp-includes\/images\/media\/audio.svg\",\"width\":48,\"height\":64}},{\"src\":\"https:\/\/radiomoulins.org\/site\/wp-content\/uploads\/2022\/12\/jingle-radio-moulins-celia-le-micro.mp3\",\"type\":\"audio\/mpeg\",\"title\":\"jingle radio moulins c\\u00e9lia le micro\",\"caption\":\"\",\"description\":\"\\u003Ci\\u003Ejingle radio moulins c\\u00e9lia le micro\\u003C\/i\\u003E.\",\"meta\":{\"length_formatted\":\"0:08\"},\"image\":{\"src\":\"https:\/\/radiomoulins.org\/site\/wp-includes\/images\/media\/audio.svg\",\"width\":48,\"height\":64},\"thumb\":{\"src\":\"https:\/\/radiomoulins.org\/site\/wp-includes\/images\/media\/audio.svg\",\"width\":48,\"height\":64}},{\"src\":\"https:\/\/radiomoulins.org\/site\/wp-content\/uploads\/2022\/12\/jingle-installez-vous-V1.wav\",\"type\":\"audio\/wav\",\"title\":\"jingle installez vous\",\"caption\":\"\",\"description\":\"\\u003Ci\\u003Ejingle installez vous V1\\u003C\/i\\u003E.\",\"meta\":{\"length_formatted\":\"0:11\"},\"image\":{\"src\":\"https:\/\/radiomoulins.org\/site\/wp-includes\/images\/media\/audio.svg\",\"width\":48,\"height\":64},\"thumb\":{\"src\":\"https:\/\/radiomoulins.org\/site\/wp-includes\/images\/media\/audio.svg\",\"width\":48,\"height\":64}},{\"src\":\"https:\/\/radiomoulins.org\/site\/wp-content\/uploads\/2022\/12\/jingle-radio-moulins-sila-repondeur.mp3\",\"type\":\"audio\/mpeg\",\"title\":\"jingle radio moulins sila r\\u00e9pondeur\",\"caption\":\"\",\"description\":\"\\u003Ci\\u003Ejingle radio moulins sila r\\u00e9pondeur\\u003C\/i\\u003E.\",\"meta\":{\"length_formatted\":\"0:16\"},\"image\":{\"src\":\"https:\/\/radiomoulins.org\/site\/wp-includes\/images\/media\/audio.svg\",\"width\":48,\"height\":64},\"thumb\":{\"src\":\"https:\/\/radiomoulins.org\/site\/wp-includes\/images\/media\/audio.svg\",\"width\":48,\"height\":64}},{\"src\":\"https:\/\/radiomoulins.org\/site\/wp-content\/uploads\/2022\/12\/jingle-radio-moulins-pierre-an-3.mp3\",\"type\":\"audio\/mpeg\",\"title\":\"jingle radio moulins pierre-an 3\",\"caption\":\"\",\"description\":\"\\u003Ci\\u003Ejingle radio moulins pierre-an 3\\u003C\/i\\u003E.\",\"meta\":{\"length_formatted\":\"0:07\"},\"image\":{\"src\":\"https:\/\/radiomoulins.org\/site\/wp-includes\/images\/media\/audio.svg\",\"width\":48,\"height\":64},\"thumb\":{\"src\":\"https:\/\/radiomoulins.org\/site\/wp-includes\/images\/media\/audio.svg\",\"width\":48,\"height\":64}},{\"src\":\"https:\/\/radiomoulins.org\/site\/wp-content\/uploads\/2022\/12\/202210-coloradio-clara-thibault.mp3\",\"type\":\"audio\/mpeg\",\"title\":\"COLO RADIO Clara Thibault\",\"caption\":\"\",\"description\":\"\\u003Ci\\u003E202210 coloradio clara thibault\\u003C\/i\\u003E.\",\"meta\":{\"length_formatted\":\"1:28\"},\"image\":{\"src\":\"https:\/\/radiomoulins.org\/site\/wp-includes\/images\/media\/audio.svg\",\"width\":48,\"height\":64},\"thumb\":{\"src\":\"https:\/\/radiomoulins.org\/site\/wp-includes\/images\/media\/audio.svg\",\"width\":48,\"height\":64}},{\"src\":\"https:\/\/radiomoulins.org\/site\/wp-content\/uploads\/2022\/12\/202210-coloradio-soundous-lucas-rouge.mp3\",\"type\":\"audio\/mpeg\",\"title\":\"COLO RADIO Soundous Lucas rouge\",\"caption\":\"\",\"description\":\"\\u003Ci\\u003E202210 coloradio soundous lucas rouge\\u003C\/i\\u003E.\",\"meta\":{\"length_formatted\":\"2:08\"},\"image\":{\"src\":\"https:\/\/radiomoulins.org\/site\/wp-includes\/images\/media\/audio.svg\",\"width\":48,\"height\":64},\"thumb\":{\"src\":\"https:\/\/radiomoulins.org\/site\/wp-includes\/images\/media\/audio.svg\",\"width\":48,\"height\":64}}]}<\/script>\n<\/div>\n\t\n<p>[\/vc_column_text][\/vc_column_inner][\/vc_row_inner][\/vc_column][\/vc_row]<\/p>\n","protected":false},"excerpt":{"rendered":"<p>[vc_row full_width=&#8221;stretch_row&#8221;][vc_column width=&#8221;1\/4&#8243;][vc_row_inner][vc_column_inner][vc_column_text css=&#8221;.vc_custom_1561718095059{margin-bottom: 0px !important;padding-bottom: 0px !important;}&#8221;] Transmission [\/vc_column_text][vc_column_text]Une organisation cr\u00e9ative et participative en place pour r\u00e9aliser vos contenus : l\u2019\u00e9quipe de Radio Moulins fait le lien entre vous et vos besoins. Prise de son, r\u00e9daction, montage, animation,r\u00e9gie&#8230; La compl\u00e9mentarit\u00e9 est de mise.[\/vc_column_text][\/vc_column_inner][\/vc_row_inner][\/vc_column][vc_column width=&#8221;1\/2&#8243; css=&#8221;.vc_custom_1561718617209{margin-top: 3rem !important;margin-bottom: 0px !important;padding-bottom: 0px !important;}&#8221;][vc_row_inner][vc_column_inner][vc_single_image image=&#8221;1413&#8243; img_size=&#8221;full&#8221; alignment=&#8221;center&#8221;][\/vc_column_inner][\/vc_row_inner][\/vc_column][vc_column [&hellip;]<\/p>\n","protected":false},"author":3,"featured_media":0,"parent":0,"menu_order":0,"comment_status":"closed","ping_status":"closed","template":"template-empty-page.php","meta":{"footnotes":""},"class_list":["post-1245","page","type-page","status-publish","hentry"],"yoast_head":"<!-- This site is optimized with the Yoast SEO plugin v28.1 - https:\/\/yoast.com\/product\/yoast-seo-wordpress\/ -->\n<title>Transmission &#8226; Radio Moulins &#8226; Webradio de quartier \u00e0 Lille Moulins<\/title>\n<meta name=\"description\" content=\"Une organisation cr\u00e9ative et participative pour r\u00e9aliser vos contenus : Radio Moulins fait le lien entre vous et vos besoins, c&#039;est la transmission.\" \/>\n<meta name=\"robots\" content=\"index, follow, max-snippet:-1, max-image-preview:large, max-video-preview:-1\" \/>\n<link rel=\"canonical\" href=\"https:\/\/radiomoulins.org\/site\/transmission\/\" \/>\n<meta property=\"og:locale\" content=\"fr_FR\" \/>\n<meta property=\"og:type\" content=\"article\" \/>\n<meta property=\"og:title\" content=\"Transmission &#8226; Radio Moulins &#8226; Webradio de quartier \u00e0 Lille Moulins\" \/>\n<meta property=\"og:description\" content=\"Une organisation cr\u00e9ative et participative pour r\u00e9aliser vos contenus : Radio Moulins fait le lien entre vous et vos besoins, c&#039;est la transmission.\" \/>\n<meta property=\"og:url\" content=\"https:\/\/radiomoulins.org\/site\/transmission\/\" \/>\n<meta property=\"og:site_name\" content=\"Radio Moulins\" \/>\n<meta property=\"article:modified_time\" content=\"2022-12-20T14:33:23+00:00\" \/>\n<meta name=\"twitter:card\" content=\"summary_large_image\" \/>\n<meta name=\"twitter:label1\" content=\"Dur\u00e9e de lecture estim\u00e9e\" \/>\n\t<meta name=\"twitter:data1\" content=\"3 minutes\" \/>\n<script type=\"application\/ld+json\" class=\"yoast-schema-graph\">{\"@context\":\"https:\\\/\\\/schema.org\",\"@graph\":[{\"@type\":\"WebPage\",\"@id\":\"https:\\\/\\\/radiomoulins.org\\\/site\\\/transmission\\\/\",\"url\":\"https:\\\/\\\/radiomoulins.org\\\/site\\\/transmission\\\/\",\"name\":\"Transmission &#8226; Radio Moulins &#8226; Webradio de quartier \u00e0 Lille Moulins\",\"isPartOf\":{\"@id\":\"https:\\\/\\\/radiomoulins.org\\\/site\\\/#website\"},\"datePublished\":\"2019-06-20T14:16:14+00:00\",\"dateModified\":\"2022-12-20T14:33:23+00:00\",\"description\":\"Une organisation cr\u00e9ative et participative pour r\u00e9aliser vos contenus : Radio Moulins fait le lien entre vous et vos besoins, c'est la transmission.\",\"breadcrumb\":{\"@id\":\"https:\\\/\\\/radiomoulins.org\\\/site\\\/transmission\\\/#breadcrumb\"},\"inLanguage\":\"fr-FR\",\"potentialAction\":[{\"@type\":\"ReadAction\",\"target\":[\"https:\\\/\\\/radiomoulins.org\\\/site\\\/transmission\\\/\"]}]},{\"@type\":\"BreadcrumbList\",\"@id\":\"https:\\\/\\\/radiomoulins.org\\\/site\\\/transmission\\\/#breadcrumb\",\"itemListElement\":[{\"@type\":\"ListItem\",\"position\":1,\"name\":\"Accueil\",\"item\":\"https:\\\/\\\/radiomoulins.org\\\/site\\\/\"},{\"@type\":\"ListItem\",\"position\":2,\"name\":\"Transmission\"}]},{\"@type\":\"WebSite\",\"@id\":\"https:\\\/\\\/radiomoulins.org\\\/site\\\/#website\",\"url\":\"https:\\\/\\\/radiomoulins.org\\\/site\\\/\",\"name\":\"Radio Moulins\",\"description\":\"\",\"publisher\":{\"@id\":\"https:\\\/\\\/radiomoulins.org\\\/site\\\/#organization\"},\"potentialAction\":[{\"@type\":\"SearchAction\",\"target\":{\"@type\":\"EntryPoint\",\"urlTemplate\":\"https:\\\/\\\/radiomoulins.org\\\/site\\\/?s={search_term_string}\"},\"query-input\":{\"@type\":\"PropertyValueSpecification\",\"valueRequired\":true,\"valueName\":\"search_term_string\"}}],\"inLanguage\":\"fr-FR\"},{\"@type\":\"Organization\",\"@id\":\"https:\\\/\\\/radiomoulins.org\\\/site\\\/#organization\",\"name\":\"Radio Moulins\",\"url\":\"https:\\\/\\\/radiomoulins.org\\\/site\\\/\",\"logo\":{\"@type\":\"ImageObject\",\"inLanguage\":\"fr-FR\",\"@id\":\"https:\\\/\\\/radiomoulins.org\\\/site\\\/#\\\/schema\\\/logo\\\/image\\\/\",\"url\":\"\",\"contentUrl\":\"\",\"caption\":\"Radio Moulins\"},\"image\":{\"@id\":\"https:\\\/\\\/radiomoulins.org\\\/site\\\/#\\\/schema\\\/logo\\\/image\\\/\"}}]}<\/script>\n<!-- \/ Yoast SEO plugin. -->","yoast_head_json":{"title":"Transmission &#8226; Radio Moulins &#8226; Webradio de quartier \u00e0 Lille Moulins","description":"Une organisation cr\u00e9ative et participative pour r\u00e9aliser vos contenus : Radio Moulins fait le lien entre vous et vos besoins, c'est la transmission.","robots":{"index":"index","follow":"follow","max-snippet":"max-snippet:-1","max-image-preview":"max-image-preview:large","max-video-preview":"max-video-preview:-1"},"canonical":"https:\/\/radiomoulins.org\/site\/transmission\/","og_locale":"fr_FR","og_type":"article","og_title":"Transmission &#8226; Radio Moulins &#8226; Webradio de quartier \u00e0 Lille Moulins","og_description":"Une organisation cr\u00e9ative et participative pour r\u00e9aliser vos contenus : Radio Moulins fait le lien entre vous et vos besoins, c'est la transmission.","og_url":"https:\/\/radiomoulins.org\/site\/transmission\/","og_site_name":"Radio Moulins","article_modified_time":"2022-12-20T14:33:23+00:00","twitter_card":"summary_large_image","twitter_misc":{"Dur\u00e9e de lecture estim\u00e9e":"3 minutes"},"schema":{"@context":"https:\/\/schema.org","@graph":[{"@type":"WebPage","@id":"https:\/\/radiomoulins.org\/site\/transmission\/","url":"https:\/\/radiomoulins.org\/site\/transmission\/","name":"Transmission &#8226; Radio Moulins &#8226; Webradio de quartier \u00e0 Lille Moulins","isPartOf":{"@id":"https:\/\/radiomoulins.org\/site\/#website"},"datePublished":"2019-06-20T14:16:14+00:00","dateModified":"2022-12-20T14:33:23+00:00","description":"Une organisation cr\u00e9ative et participative pour r\u00e9aliser vos contenus : Radio Moulins fait le lien entre vous et vos besoins, c'est la transmission.","breadcrumb":{"@id":"https:\/\/radiomoulins.org\/site\/transmission\/#breadcrumb"},"inLanguage":"fr-FR","potentialAction":[{"@type":"ReadAction","target":["https:\/\/radiomoulins.org\/site\/transmission\/"]}]},{"@type":"BreadcrumbList","@id":"https:\/\/radiomoulins.org\/site\/transmission\/#breadcrumb","itemListElement":[{"@type":"ListItem","position":1,"name":"Accueil","item":"https:\/\/radiomoulins.org\/site\/"},{"@type":"ListItem","position":2,"name":"Transmission"}]},{"@type":"WebSite","@id":"https:\/\/radiomoulins.org\/site\/#website","url":"https:\/\/radiomoulins.org\/site\/","name":"Radio Moulins","description":"","publisher":{"@id":"https:\/\/radiomoulins.org\/site\/#organization"},"potentialAction":[{"@type":"SearchAction","target":{"@type":"EntryPoint","urlTemplate":"https:\/\/radiomoulins.org\/site\/?s={search_term_string}"},"query-input":{"@type":"PropertyValueSpecification","valueRequired":true,"valueName":"search_term_string"}}],"inLanguage":"fr-FR"},{"@type":"Organization","@id":"https:\/\/radiomoulins.org\/site\/#organization","name":"Radio Moulins","url":"https:\/\/radiomoulins.org\/site\/","logo":{"@type":"ImageObject","inLanguage":"fr-FR","@id":"https:\/\/radiomoulins.org\/site\/#\/schema\/logo\/image\/","url":"","contentUrl":"","caption":"Radio Moulins"},"image":{"@id":"https:\/\/radiomoulins.org\/site\/#\/schema\/logo\/image\/"}}]}},"_links":{"self":[{"href":"https:\/\/radiomoulins.org\/site\/wp-json\/wp\/v2\/pages\/1245","targetHints":{"allow":["GET"]}}],"collection":[{"href":"https:\/\/radiomoulins.org\/site\/wp-json\/wp\/v2\/pages"}],"about":[{"href":"https:\/\/radiomoulins.org\/site\/wp-json\/wp\/v2\/types\/page"}],"author":[{"embeddable":true,"href":"https:\/\/radiomoulins.org\/site\/wp-json\/wp\/v2\/users\/3"}],"replies":[{"embeddable":true,"href":"https:\/\/radiomoulins.org\/site\/wp-json\/wp\/v2\/comments?post=1245"}],"version-history":[{"count":14,"href":"https:\/\/radiomoulins.org\/site\/wp-json\/wp\/v2\/pages\/1245\/revisions"}],"predecessor-version":[{"id":2897,"href":"https:\/\/radiomoulins.org\/site\/wp-json\/wp\/v2\/pages\/1245\/revisions\/2897"}],"wp:attachment":[{"href":"https:\/\/radiomoulins.org\/site\/wp-json\/wp\/v2\/media?parent=1245"}],"curies":[{"name":"wp","href":"https:\/\/api.w.org\/{rel}","templated":true}]}}